{"id":2738,"date":"2021-11-17T10:49:32","date_gmt":"2021-11-17T10:49:32","guid":{"rendered":"https:\/\/forumdooutono.inesctec.pt\/?page_id=2738"},"modified":"2025-10-07T17:54:07","modified_gmt":"2025-10-07T17:54:07","slug":"oradores-convidados","status":"publish","type":"page","link":"https:\/\/forumdooutono.inesctec.pt\/index.php\/oradores-convidados\/","title":{"rendered":"Speakers"},"content":{"rendered":"\t\t<div data-elementor-type=\"wp-page\" data-elementor-id=\"2738\" class=\"elementor elementor-2738\">\n\t\t\t\t\t\t<section class=\"elementor-section elementor-top-section elementor-element elementor-element-8159588 elementor-section-boxed elementor-section-height-default elementor-section-height-default\" data-id=\"8159588\" data-element_type=\"section\" data-e-type=\"section\">\n\t\t\t\t\t\t<div class=\"elementor-container elementor-column-gap-default\">\n\t\t\t\t\t<div class=\"elementor-column elementor-col-100 elementor-top-column elementor-element elementor-element-95ac57b\" data-id=\"95ac57b\" data-element_type=\"column\" data-e-type=\"column\">\n\t\t\t<div class=\"elementor-widget-wrap elementor-element-populated\">\n\t\t\t\t\t\t<div class=\"elementor-element elementor-element-ab5b6d1 elementor-widget elementor-widget-spacer\" data-id=\"ab5b6d1\" data-element_type=\"widget\" data-e-type=\"widget\" data-widget_type=\"spacer.default\">\n\t\t\t\t<div class=\"elementor-widget-container\">\n\t\t\t\t\t\t\t<div class=\"elementor-spacer\">\n\t\t\t<div class=\"elementor-spacer-inner\"><\/div>\n\t\t<\/div>\n\t\t\t\t\t\t<\/div>\n\t\t\t\t<\/div>\n\t\t\t\t\t<\/div>\n\t\t<\/div>\n\t\t\t\t\t<\/div>\n\t\t<\/section>\n\t\t\t\t<section class=\"elementor-section elementor-top-section elementor-element elementor-element-b77f5b2 elementor-section-boxed elementor-section-height-default elementor-section-height-default\" data-id=\"b77f5b2\" data-element_type=\"section\" data-e-type=\"section\">\n\t\t\t\t\t\t<div class=\"elementor-container elementor-column-gap-default\">\n\t\t\t\t\t<div class=\"elementor-column elementor-col-50 elementor-top-column elementor-element elementor-element-72c5ac0\" data-id=\"72c5ac0\" data-element_type=\"column\" data-e-type=\"column\">\n\t\t\t<div class=\"elementor-widget-wrap elementor-element-populated\">\n\t\t\t\t\t\t<div class=\"elementor-element elementor-element-f117f7b elementor-widget elementor-widget-image\" data-id=\"f117f7b\" data-element_type=\"widget\" data-e-type=\"widget\" data-widget_type=\"image.default\">\n\t\t\t\t<div class=\"elementor-widget-container\">\n\t\t\t\t\t\t\t\t\t\t\t\t\t\t\t<img fetchpriority=\"high\" decoding=\"async\" width=\"697\" height=\"697\" src=\"https:\/\/forumdooutono.inesctec.pt\/wp-content\/uploads\/2025\/09\/foto_Marzieh-Fadaee.png\" class=\"attachment-large size-large wp-image-4977\" alt=\"\" srcset=\"https:\/\/forumdooutono.inesctec.pt\/wp-content\/uploads\/2025\/09\/foto_Marzieh-Fadaee.png 697w, https:\/\/forumdooutono.inesctec.pt\/wp-content\/uploads\/2025\/09\/foto_Marzieh-Fadaee-300x300.png 300w, https:\/\/forumdooutono.inesctec.pt\/wp-content\/uploads\/2025\/09\/foto_Marzieh-Fadaee-150x150.png 150w, https:\/\/forumdooutono.inesctec.pt\/wp-content\/uploads\/2025\/09\/foto_Marzieh-Fadaee-50x50.png 50w, https:\/\/forumdooutono.inesctec.pt\/wp-content\/uploads\/2025\/09\/foto_Marzieh-Fadaee-80x80.png 80w\" sizes=\"(max-width: 697px) 100vw, 697px\" \/>\t\t\t\t\t\t\t\t\t\t\t\t\t\t\t<\/div>\n\t\t\t\t<\/div>\n\t\t\t\t\t<\/div>\n\t\t<\/div>\n\t\t\t\t<div class=\"elementor-column elementor-col-50 elementor-top-column elementor-element elementor-element-fdd1d17\" data-id=\"fdd1d17\" data-element_type=\"column\" data-e-type=\"column\">\n\t\t\t<div class=\"elementor-widget-wrap elementor-element-populated\">\n\t\t\t\t\t\t<div class=\"elementor-element elementor-element-f91b0a0 elementor-widget elementor-widget-text-editor\" data-id=\"f91b0a0\" data-element_type=\"widget\" data-e-type=\"widget\" data-widget_type=\"text-editor.default\">\n\t\t\t\t<div class=\"elementor-widget-container\">\n\t\t\t\t\t\t\t\t\t<p><span style=\"color: #333333;\"><strong>MARZIEH FADAEE<\/strong><\/span><\/p>\n<p>Marzieh Fadaee is the Head of Cohere Labs (formerly Cohere For AI), where she focuses on fundamental research and solving complex challenges in Natural Language Processing (NLP) and building and improving language models. She co-leads the Aya initiative, which led to the creation of the largest multilingual instruction dataset and the development of a series of state-of-the-art multilingual language models. Before joining Cohere for AI, Marzieh was the NLP\/ML Research Lead at Zeta Alpha Vector, where she pioneered innovative approaches to knowledge discovery and organization. She holds a PhD from the University of Amsterdam where she studied neural machine translation models.&nbsp;<\/p>\t\t\t\t\t\t\t\t<\/div>\n\t\t\t\t<\/div>\n\t\t\t\t\t<\/div>\n\t\t<\/div>\n\t\t\t\t\t<\/div>\n\t\t<\/section>\n\t\t\t\t<section class=\"elementor-section elementor-top-section elementor-element elementor-element-fac2ba6 elementor-section-boxed elementor-section-height-default elementor-section-height-default\" data-id=\"fac2ba6\" data-element_type=\"section\" data-e-type=\"section\">\n\t\t\t\t\t\t<div class=\"elementor-container elementor-column-gap-default\">\n\t\t\t\t\t<div class=\"elementor-column elementor-col-100 elementor-top-column elementor-element elementor-element-aac6868\" data-id=\"aac6868\" data-element_type=\"column\" data-e-type=\"column\">\n\t\t\t<div class=\"elementor-widget-wrap elementor-element-populated\">\n\t\t\t\t\t\t<div class=\"elementor-element elementor-element-019a165 elementor-widget elementor-widget-spacer\" data-id=\"019a165\" data-element_type=\"widget\" data-e-type=\"widget\" data-widget_type=\"spacer.default\">\n\t\t\t\t<div class=\"elementor-widget-container\">\n\t\t\t\t\t\t\t<div class=\"elementor-spacer\">\n\t\t\t<div class=\"elementor-spacer-inner\"><\/div>\n\t\t<\/div>\n\t\t\t\t\t\t<\/div>\n\t\t\t\t<\/div>\n\t\t\t\t\t<\/div>\n\t\t<\/div>\n\t\t\t\t\t<\/div>\n\t\t<\/section>\n\t\t\t\t<section class=\"elementor-section elementor-top-section elementor-element elementor-element-e094881 elementor-section-boxed elementor-section-height-default elementor-section-height-default\" data-id=\"e094881\" data-element_type=\"section\" data-e-type=\"section\">\n\t\t\t\t\t\t<div class=\"elementor-container elementor-column-gap-default\">\n\t\t\t\t\t<div class=\"elementor-column elementor-col-50 elementor-top-column elementor-element elementor-element-6beeeec\" data-id=\"6beeeec\" data-element_type=\"column\" data-e-type=\"column\">\n\t\t\t<div class=\"elementor-widget-wrap elementor-element-populated\">\n\t\t\t\t\t\t<div class=\"elementor-element elementor-element-c77e6ab elementor-widget elementor-widget-image\" data-id=\"c77e6ab\" data-element_type=\"widget\" data-e-type=\"widget\" data-widget_type=\"image.default\">\n\t\t\t\t<div class=\"elementor-widget-container\">\n\t\t\t\t\t\t\t\t\t\t\t\t\t\t\t<img decoding=\"async\" width=\"697\" height=\"697\" src=\"https:\/\/forumdooutono.inesctec.pt\/wp-content\/uploads\/2025\/09\/Fotos_Oradores_duotone_crop_Gitta-Kutyniok.png\" class=\"attachment-large size-large wp-image-4957\" alt=\"\" srcset=\"https:\/\/forumdooutono.inesctec.pt\/wp-content\/uploads\/2025\/09\/Fotos_Oradores_duotone_crop_Gitta-Kutyniok.png 697w, https:\/\/forumdooutono.inesctec.pt\/wp-content\/uploads\/2025\/09\/Fotos_Oradores_duotone_crop_Gitta-Kutyniok-300x300.png 300w, https:\/\/forumdooutono.inesctec.pt\/wp-content\/uploads\/2025\/09\/Fotos_Oradores_duotone_crop_Gitta-Kutyniok-150x150.png 150w, https:\/\/forumdooutono.inesctec.pt\/wp-content\/uploads\/2025\/09\/Fotos_Oradores_duotone_crop_Gitta-Kutyniok-50x50.png 50w, https:\/\/forumdooutono.inesctec.pt\/wp-content\/uploads\/2025\/09\/Fotos_Oradores_duotone_crop_Gitta-Kutyniok-80x80.png 80w\" sizes=\"(max-width: 697px) 100vw, 697px\" \/>\t\t\t\t\t\t\t\t\t\t\t\t\t\t\t<\/div>\n\t\t\t\t<\/div>\n\t\t\t\t\t<\/div>\n\t\t<\/div>\n\t\t\t\t<div class=\"elementor-column elementor-col-50 elementor-top-column elementor-element elementor-element-ba0d1b5\" data-id=\"ba0d1b5\" data-element_type=\"column\" data-e-type=\"column\">\n\t\t\t<div class=\"elementor-widget-wrap elementor-element-populated\">\n\t\t\t\t\t\t<div class=\"elementor-element elementor-element-0fc805b elementor-widget elementor-widget-text-editor\" data-id=\"0fc805b\" data-element_type=\"widget\" data-e-type=\"widget\" data-widget_type=\"text-editor.default\">\n\t\t\t\t<div class=\"elementor-widget-container\">\n\t\t\t\t\t\t\t\t\t<p><span style=\"color: #333333;\"><strong>GITTA KUTYNIOK<\/strong><\/span><\/p>\n<p>Gitta Kutyniok currently has a Bavarian AI Chair for Mathematical Foundations of Artificial Intelligence at the Ludwig-Maximilians-Universit\u00e4t M\u00fcnchen, and is in addition affiliated with the DLR-German Aerospace Center and the University of Tromso. She received her Diploma in Mathematics and Computer Science as well as her Ph.D. degree from the Universit\u00e4t Paderborn in Germany, and her Habilitation in Mathematics in 2006 at the Justus-Liebig Universit\u00e4t Gie\u00dfen. From 2001 to 2008 she held visiting positions at several US institutions, including Princeton University, Stanford University, Yale University, Georgia Institute of Technology, and Washington University in St. Louis. In 2008, she became a full professor of mathematics at the Universit\u00e4t Osnabr\u00fcck, and moved to Berlin three years later, where she held an Einstein Chair in the Institute of Mathematics at the Technische Universit\u00e4t Berlin and a courtesy appointment in the Department of Computer Science and Engineering until 2020. In 2023, together with colleagues she founded the start-up EcoLogic Computing GmbH. Gitta Kutyniok&#8217;s research work covers, in particular, the areas of applied and computational harmonic analysis, artificial intelligence, compressed sensing, deep learning, imaging sciences, inverse problems, and applications to life sciences, robotics, and telecommunication.<\/p>\t\t\t\t\t\t\t\t<\/div>\n\t\t\t\t<\/div>\n\t\t\t\t\t<\/div>\n\t\t<\/div>\n\t\t\t\t\t<\/div>\n\t\t<\/section>\n\t\t\t\t<section class=\"elementor-section elementor-top-section elementor-element elementor-element-9c37064 elementor-section-boxed elementor-section-height-default elementor-section-height-default\" data-id=\"9c37064\" data-element_type=\"section\" data-e-type=\"section\">\n\t\t\t\t\t\t<div class=\"elementor-container elementor-column-gap-default\">\n\t\t\t\t\t<div class=\"elementor-column elementor-col-100 elementor-top-column elementor-element elementor-element-a24161c\" data-id=\"a24161c\" data-element_type=\"column\" data-e-type=\"column\">\n\t\t\t<div class=\"elementor-widget-wrap elementor-element-populated\">\n\t\t\t\t\t\t<div class=\"elementor-element elementor-element-3097129 elementor-widget elementor-widget-spacer\" data-id=\"3097129\" data-element_type=\"widget\" data-e-type=\"widget\" data-widget_type=\"spacer.default\">\n\t\t\t\t<div class=\"elementor-widget-container\">\n\t\t\t\t\t\t\t<div class=\"elementor-spacer\">\n\t\t\t<div class=\"elementor-spacer-inner\"><\/div>\n\t\t<\/div>\n\t\t\t\t\t\t<\/div>\n\t\t\t\t<\/div>\n\t\t\t\t\t<\/div>\n\t\t<\/div>\n\t\t\t\t\t<\/div>\n\t\t<\/section>\n\t\t\t\t<section class=\"elementor-section elementor-top-section elementor-element elementor-element-4151104 elementor-section-boxed elementor-section-height-default elementor-section-height-default\" data-id=\"4151104\" data-element_type=\"section\" data-e-type=\"section\">\n\t\t\t\t\t\t<div class=\"elementor-container elementor-column-gap-default\">\n\t\t\t\t\t<div class=\"elementor-column elementor-col-50 elementor-top-column elementor-element elementor-element-3832a6e\" data-id=\"3832a6e\" data-element_type=\"column\" data-e-type=\"column\">\n\t\t\t<div class=\"elementor-widget-wrap elementor-element-populated\">\n\t\t\t\t\t\t<div class=\"elementor-element elementor-element-d250d5d elementor-widget elementor-widget-image\" data-id=\"d250d5d\" data-element_type=\"widget\" data-e-type=\"widget\" data-widget_type=\"image.default\">\n\t\t\t\t<div class=\"elementor-widget-container\">\n\t\t\t\t\t\t\t\t\t\t\t\t\t\t\t<img decoding=\"async\" width=\"697\" height=\"697\" src=\"https:\/\/forumdooutono.inesctec.pt\/wp-content\/uploads\/2025\/09\/Fotos_Oradores_duotone_crop_Arlindo-Oliveira.png\" class=\"attachment-large size-large wp-image-4958\" alt=\"\" srcset=\"https:\/\/forumdooutono.inesctec.pt\/wp-content\/uploads\/2025\/09\/Fotos_Oradores_duotone_crop_Arlindo-Oliveira.png 697w, https:\/\/forumdooutono.inesctec.pt\/wp-content\/uploads\/2025\/09\/Fotos_Oradores_duotone_crop_Arlindo-Oliveira-300x300.png 300w, https:\/\/forumdooutono.inesctec.pt\/wp-content\/uploads\/2025\/09\/Fotos_Oradores_duotone_crop_Arlindo-Oliveira-150x150.png 150w, https:\/\/forumdooutono.inesctec.pt\/wp-content\/uploads\/2025\/09\/Fotos_Oradores_duotone_crop_Arlindo-Oliveira-50x50.png 50w, https:\/\/forumdooutono.inesctec.pt\/wp-content\/uploads\/2025\/09\/Fotos_Oradores_duotone_crop_Arlindo-Oliveira-80x80.png 80w\" sizes=\"(max-width: 697px) 100vw, 697px\" \/>\t\t\t\t\t\t\t\t\t\t\t\t\t\t\t<\/div>\n\t\t\t\t<\/div>\n\t\t\t\t\t<\/div>\n\t\t<\/div>\n\t\t\t\t<div class=\"elementor-column elementor-col-50 elementor-top-column elementor-element elementor-element-ec0c345\" data-id=\"ec0c345\" data-element_type=\"column\" data-e-type=\"column\">\n\t\t\t<div class=\"elementor-widget-wrap elementor-element-populated\">\n\t\t\t\t\t\t<div class=\"elementor-element elementor-element-1eadbf7 elementor-widget elementor-widget-text-editor\" data-id=\"1eadbf7\" data-element_type=\"widget\" data-e-type=\"widget\" data-widget_type=\"text-editor.default\">\n\t\t\t\t<div class=\"elementor-widget-container\">\n\t\t\t\t\t\t\t\t\t<p style=\"text-align: justify;\"><span style=\"color: #333333;\"><strong>ARLINDO OLIVEIRA\u00a0<\/strong><\/span><\/p><p style=\"text-align: justify;\">Arlindo Oliveira obtained his BSc and MSc degrees in Electrical Engineering and Computer Science (EECS) from Instituto Superior T\u00e9cnico (IST) and his PhD degree, also in EECS, from the University of California at Berkeley. He was invited professor at MIT and a researcher at INESC, CERN, the Electronics Research Laboratory of UC Berkeley, the Berkeley Cadence Laboratories, and the University of Tokyo. He was a member of CNCTI and of the Advisory Board of the Science and Technology Options Assessment Panel of the European Parliament. He is a distinguished professor of IST, president of INESC, distinguished visiting professor at Macau Univ. of S&amp;T, member of the board of CGD. He authored five books, translated into different languages, and hundreds of articles in international conferences and journals, in the areas of algorithms, artificial intelligence, machine learning, bioinformatics and computer architecture. He has been on the boards of several companies and institutions and is a past president of IST, of INESC-ID and of APPIA. He is a member of the Lisbon Academy of Sciences, of the Portuguese Academy of Engineering, and of ACM. He is a senior member of IEEE and a fellow of ELLIS. He received several prizes and distinctions, including the Technical University of Lisbon\/Santander prize for excellence in research, the GALP\/Academy of Engineering career prize and the ACEPI career prize.\u00a0<\/p>\t\t\t\t\t\t\t\t<\/div>\n\t\t\t\t<\/div>\n\t\t\t\t\t<\/div>\n\t\t<\/div>\n\t\t\t\t\t<\/div>\n\t\t<\/section>\n\t\t\t\t<section class=\"elementor-section elementor-top-section elementor-element elementor-element-c699bd6 elementor-section-boxed elementor-section-height-default elementor-section-height-default\" data-id=\"c699bd6\" data-element_type=\"section\" data-e-type=\"section\">\n\t\t\t\t\t\t<div class=\"elementor-container elementor-column-gap-default\">\n\t\t\t\t\t<div class=\"elementor-column elementor-col-100 elementor-top-column elementor-element elementor-element-07bd168\" data-id=\"07bd168\" data-element_type=\"column\" data-e-type=\"column\">\n\t\t\t<div class=\"elementor-widget-wrap elementor-element-populated\">\n\t\t\t\t\t\t<div class=\"elementor-element elementor-element-ac8ebab elementor-widget elementor-widget-spacer\" data-id=\"ac8ebab\" data-element_type=\"widget\" data-e-type=\"widget\" data-widget_type=\"spacer.default\">\n\t\t\t\t<div class=\"elementor-widget-container\">\n\t\t\t\t\t\t\t<div class=\"elementor-spacer\">\n\t\t\t<div class=\"elementor-spacer-inner\"><\/div>\n\t\t<\/div>\n\t\t\t\t\t\t<\/div>\n\t\t\t\t<\/div>\n\t\t\t\t\t<\/div>\n\t\t<\/div>\n\t\t\t\t\t<\/div>\n\t\t<\/section>\n\t\t\t\t<section class=\"elementor-section elementor-top-section elementor-element elementor-element-b9c838b elementor-section-boxed elementor-section-height-default elementor-section-height-default\" data-id=\"b9c838b\" data-element_type=\"section\" data-e-type=\"section\">\n\t\t\t\t\t\t<div class=\"elementor-container elementor-column-gap-default\">\n\t\t\t\t\t<div class=\"elementor-column elementor-col-50 elementor-top-column elementor-element elementor-element-5b79160\" data-id=\"5b79160\" data-element_type=\"column\" data-e-type=\"column\">\n\t\t\t<div class=\"elementor-widget-wrap elementor-element-populated\">\n\t\t\t\t\t\t<div class=\"elementor-element elementor-element-506ce16 elementor-widget elementor-widget-image\" data-id=\"506ce16\" data-element_type=\"widget\" data-e-type=\"widget\" data-widget_type=\"image.default\">\n\t\t\t\t<div class=\"elementor-widget-container\">\n\t\t\t\t\t\t\t\t\t\t\t\t\t\t\t<img loading=\"lazy\" decoding=\"async\" width=\"697\" height=\"697\" src=\"https:\/\/forumdooutono.inesctec.pt\/wp-content\/uploads\/2025\/09\/Fotos_Oradores_duotone_crop_Sofia-Miguens-II.png\" class=\"attachment-large size-large wp-image-4960\" alt=\"\" srcset=\"https:\/\/forumdooutono.inesctec.pt\/wp-content\/uploads\/2025\/09\/Fotos_Oradores_duotone_crop_Sofia-Miguens-II.png 697w, https:\/\/forumdooutono.inesctec.pt\/wp-content\/uploads\/2025\/09\/Fotos_Oradores_duotone_crop_Sofia-Miguens-II-300x300.png 300w, https:\/\/forumdooutono.inesctec.pt\/wp-content\/uploads\/2025\/09\/Fotos_Oradores_duotone_crop_Sofia-Miguens-II-150x150.png 150w, https:\/\/forumdooutono.inesctec.pt\/wp-content\/uploads\/2025\/09\/Fotos_Oradores_duotone_crop_Sofia-Miguens-II-50x50.png 50w, https:\/\/forumdooutono.inesctec.pt\/wp-content\/uploads\/2025\/09\/Fotos_Oradores_duotone_crop_Sofia-Miguens-II-80x80.png 80w\" sizes=\"(max-width: 697px) 100vw, 697px\" \/>\t\t\t\t\t\t\t\t\t\t\t\t\t\t\t<\/div>\n\t\t\t\t<\/div>\n\t\t\t\t\t<\/div>\n\t\t<\/div>\n\t\t\t\t<div class=\"elementor-column elementor-col-50 elementor-top-column elementor-element elementor-element-dc6ea9a\" data-id=\"dc6ea9a\" data-element_type=\"column\" data-e-type=\"column\">\n\t\t\t<div class=\"elementor-widget-wrap elementor-element-populated\">\n\t\t\t\t\t\t<div class=\"elementor-element elementor-element-66f0829 elementor-widget elementor-widget-text-editor\" data-id=\"66f0829\" data-element_type=\"widget\" data-e-type=\"widget\" data-widget_type=\"text-editor.default\">\n\t\t\t\t<div class=\"elementor-widget-container\">\n\t\t\t\t\t\t\t\t\t<p style=\"text-align: justify;\"><span style=\"color: #333333;\"><strong>SOFIA MIGUENS\u00a0<\/strong><\/span><\/p><p style=\"text-align: justify;\">Full Professor in the Department of Philosophy at the Faculty of Arts and Humanities of the University of Porto and researcher at the Institute of Philosophy, where she leads the Mind, Language and Action Group (MLAG). She has been a visiting scholar, visiting researcher, and visiting professor at several international institutions, including NYU &#8211; New York University, the Institut Jean Nicod in Paris, the University of Sydney (Australia), and the University of Paris &#8211; Sorbonne (2023). She has taught courses and delivered lectures in numerous countries, including Germany, France, the United Kingdom, Finland, Poland, Hungary, the Czech Republic, the United States, Russia, Turkey, and China. She has served as President of the Portuguese Society of Philosophy and as Director of both the Department of Philosophy and the Institute of Philosophy at the University of Porto. She currently directs the Doctoral Programme in Philosophy. She is the author of ten books, including <em>Racionalidade<\/em> (2004), <em>Ser\u00e1 que a minha mente est\u00e1 dentro da minha cabe\u00e7a? Da ci\u00eancia cognitiva \u00e0 filosofia<\/em> (2008), <em>Filosofia contempor\u00e2nea \u2013 figuras e movimentos<\/em> (2019), <em>Arte Descomposta<\/em> (2022) e <em>Mentes humanas, animais e artificiais<\/em> (2025). She has coordinated more than 20 collective volumes in Portuguese and English, the most recent being The Logical Alien (Harvard University Press, 2020). She has authored over 100 papers in English, French, and Portuguese.<\/p>\t\t\t\t\t\t\t\t<\/div>\n\t\t\t\t<\/div>\n\t\t\t\t\t<\/div>\n\t\t<\/div>\n\t\t\t\t\t<\/div>\n\t\t<\/section>\n\t\t\t\t<section class=\"elementor-section elementor-top-section elementor-element elementor-element-ebb57aa elementor-section-boxed elementor-section-height-default elementor-section-height-default\" data-id=\"ebb57aa\" data-element_type=\"section\" data-e-type=\"section\">\n\t\t\t\t\t\t<div class=\"elementor-container elementor-column-gap-default\">\n\t\t\t\t\t<div class=\"elementor-column elementor-col-100 elementor-top-column elementor-element elementor-element-ef32e0a\" data-id=\"ef32e0a\" data-element_type=\"column\" data-e-type=\"column\">\n\t\t\t<div class=\"elementor-widget-wrap elementor-element-populated\">\n\t\t\t\t\t\t<div class=\"elementor-element elementor-element-1f2c902 elementor-widget elementor-widget-spacer\" data-id=\"1f2c902\" data-element_type=\"widget\" data-e-type=\"widget\" data-widget_type=\"spacer.default\">\n\t\t\t\t<div class=\"elementor-widget-container\">\n\t\t\t\t\t\t\t<div class=\"elementor-spacer\">\n\t\t\t<div class=\"elementor-spacer-inner\"><\/div>\n\t\t<\/div>\n\t\t\t\t\t\t<\/div>\n\t\t\t\t<\/div>\n\t\t\t\t\t<\/div>\n\t\t<\/div>\n\t\t\t\t\t<\/div>\n\t\t<\/section>\n\t\t\t\t<section class=\"elementor-section elementor-top-section elementor-element elementor-element-7ba8c6f elementor-section-boxed elementor-section-height-default elementor-section-height-default\" data-id=\"7ba8c6f\" data-element_type=\"section\" data-e-type=\"section\">\n\t\t\t\t\t\t<div class=\"elementor-container elementor-column-gap-default\">\n\t\t\t\t\t<div class=\"elementor-column elementor-col-50 elementor-top-column elementor-element elementor-element-cd5d3da\" data-id=\"cd5d3da\" data-element_type=\"column\" data-e-type=\"column\">\n\t\t\t<div class=\"elementor-widget-wrap elementor-element-populated\">\n\t\t\t\t\t\t<div class=\"elementor-element elementor-element-8cc9a16 elementor-widget elementor-widget-image\" data-id=\"8cc9a16\" data-element_type=\"widget\" data-e-type=\"widget\" data-widget_type=\"image.default\">\n\t\t\t\t<div class=\"elementor-widget-container\">\n\t\t\t\t\t\t\t\t\t\t\t\t\t\t\t<img loading=\"lazy\" decoding=\"async\" width=\"697\" height=\"697\" src=\"https:\/\/forumdooutono.inesctec.pt\/wp-content\/uploads\/2025\/09\/Fotos_Oradores_duotone_crop_Mario-Boto-Ferreira.png\" class=\"attachment-large size-large wp-image-4961\" alt=\"\" srcset=\"https:\/\/forumdooutono.inesctec.pt\/wp-content\/uploads\/2025\/09\/Fotos_Oradores_duotone_crop_Mario-Boto-Ferreira.png 697w, https:\/\/forumdooutono.inesctec.pt\/wp-content\/uploads\/2025\/09\/Fotos_Oradores_duotone_crop_Mario-Boto-Ferreira-300x300.png 300w, https:\/\/forumdooutono.inesctec.pt\/wp-content\/uploads\/2025\/09\/Fotos_Oradores_duotone_crop_Mario-Boto-Ferreira-150x150.png 150w, https:\/\/forumdooutono.inesctec.pt\/wp-content\/uploads\/2025\/09\/Fotos_Oradores_duotone_crop_Mario-Boto-Ferreira-50x50.png 50w, https:\/\/forumdooutono.inesctec.pt\/wp-content\/uploads\/2025\/09\/Fotos_Oradores_duotone_crop_Mario-Boto-Ferreira-80x80.png 80w\" sizes=\"(max-width: 697px) 100vw, 697px\" \/>\t\t\t\t\t\t\t\t\t\t\t\t\t\t\t<\/div>\n\t\t\t\t<\/div>\n\t\t\t\t\t<\/div>\n\t\t<\/div>\n\t\t\t\t<div class=\"elementor-column elementor-col-50 elementor-top-column elementor-element elementor-element-b3b96a1\" data-id=\"b3b96a1\" data-element_type=\"column\" data-e-type=\"column\">\n\t\t\t<div class=\"elementor-widget-wrap elementor-element-populated\">\n\t\t\t\t\t\t<div class=\"elementor-element elementor-element-0760f0b elementor-widget elementor-widget-text-editor\" data-id=\"0760f0b\" data-element_type=\"widget\" data-e-type=\"widget\" data-widget_type=\"text-editor.default\">\n\t\t\t\t<div class=\"elementor-widget-container\">\n\t\t\t\t\t\t\t\t\t<p style=\"text-align: justify;\"><span style=\"color: #333333;\"><strong>M\u00c1RIO BOTO FERREIRA&nbsp;<\/strong><\/span><\/p>\n<p style=\"text-align: justify;\">M\u00e1rio Boto Ferreira is a Full Professor at the Faculty of Psychology of the University of Lisbon, where he directs the Centre for Research in Psychological Science (CICPSI). He conducts fundamental research in memory, social cognition, and decision-making, as well as applied research in consumer psychology, aiming to apply concepts and methodologies from basic research to the understanding and resolution of socially relevant problems. His work has specifically explored the effects of financial scarcity on cognitive functioning, as well as the impact of excessive debt on health, emotional well-being, and life satisfaction. In parallel, he has developed and participated in projects on the use of Artificial Intelligence to address excessive debt and poverty, as well as to assess and improve health literacy among Portuguese citizens (SmartHealth project).<\/p>\t\t\t\t\t\t\t\t<\/div>\n\t\t\t\t<\/div>\n\t\t\t\t<div class=\"elementor-element elementor-element-886e1a2 elementor-widget elementor-widget-spacer\" data-id=\"886e1a2\" data-element_type=\"widget\" data-e-type=\"widget\" data-widget_type=\"spacer.default\">\n\t\t\t\t<div class=\"elementor-widget-container\">\n\t\t\t\t\t\t\t<div class=\"elementor-spacer\">\n\t\t\t<div class=\"elementor-spacer-inner\"><\/div>\n\t\t<\/div>\n\t\t\t\t\t\t<\/div>\n\t\t\t\t<\/div>\n\t\t\t\t\t<\/div>\n\t\t<\/div>\n\t\t\t\t\t<\/div>\n\t\t<\/section>\n\t\t\t\t<section class=\"elementor-section elementor-top-section elementor-element elementor-element-c8d0cf2 elementor-section-boxed elementor-section-height-default elementor-section-height-default\" data-id=\"c8d0cf2\" data-element_type=\"section\" data-e-type=\"section\">\n\t\t\t\t\t\t<div class=\"elementor-container elementor-column-gap-default\">\n\t\t\t\t\t<div class=\"elementor-column elementor-col-100 elementor-top-column elementor-element elementor-element-6ff1934\" data-id=\"6ff1934\" data-element_type=\"column\" data-e-type=\"column\">\n\t\t\t<div class=\"elementor-widget-wrap elementor-element-populated\">\n\t\t\t\t\t\t<div class=\"elementor-element elementor-element-9ef7426 elementor-widget elementor-widget-spacer\" data-id=\"9ef7426\" data-element_type=\"widget\" data-e-type=\"widget\" data-widget_type=\"spacer.default\">\n\t\t\t\t<div class=\"elementor-widget-container\">\n\t\t\t\t\t\t\t<div class=\"elementor-spacer\">\n\t\t\t<div class=\"elementor-spacer-inner\"><\/div>\n\t\t<\/div>\n\t\t\t\t\t\t<\/div>\n\t\t\t\t<\/div>\n\t\t\t\t\t<\/div>\n\t\t<\/div>\n\t\t\t\t\t<\/div>\n\t\t<\/section>\n\t\t\t\t<section class=\"elementor-section elementor-top-section elementor-element elementor-element-03e9ed3 elementor-section-boxed elementor-section-height-default elementor-section-height-default\" data-id=\"03e9ed3\" data-element_type=\"section\" data-e-type=\"section\">\n\t\t\t\t\t\t<div class=\"elementor-container elementor-column-gap-default\">\n\t\t\t\t\t<div class=\"elementor-column elementor-col-50 elementor-top-column elementor-element elementor-element-68fcfb3\" data-id=\"68fcfb3\" data-element_type=\"column\" data-e-type=\"column\">\n\t\t\t<div class=\"elementor-widget-wrap elementor-element-populated\">\n\t\t\t\t\t\t<div class=\"elementor-element elementor-element-f4ce215 elementor-widget elementor-widget-image\" data-id=\"f4ce215\" data-element_type=\"widget\" data-e-type=\"widget\" data-widget_type=\"image.default\">\n\t\t\t\t<div class=\"elementor-widget-container\">\n\t\t\t\t\t\t\t\t\t\t\t\t\t\t\t<img loading=\"lazy\" decoding=\"async\" width=\"697\" height=\"697\" src=\"https:\/\/forumdooutono.inesctec.pt\/wp-content\/uploads\/2025\/09\/Fotos_Oradores_duotone_crop-Mario-Figueiredo.png\" class=\"attachment-large size-large wp-image-4962\" alt=\"\" srcset=\"https:\/\/forumdooutono.inesctec.pt\/wp-content\/uploads\/2025\/09\/Fotos_Oradores_duotone_crop-Mario-Figueiredo.png 697w, https:\/\/forumdooutono.inesctec.pt\/wp-content\/uploads\/2025\/09\/Fotos_Oradores_duotone_crop-Mario-Figueiredo-300x300.png 300w, https:\/\/forumdooutono.inesctec.pt\/wp-content\/uploads\/2025\/09\/Fotos_Oradores_duotone_crop-Mario-Figueiredo-150x150.png 150w, https:\/\/forumdooutono.inesctec.pt\/wp-content\/uploads\/2025\/09\/Fotos_Oradores_duotone_crop-Mario-Figueiredo-50x50.png 50w, https:\/\/forumdooutono.inesctec.pt\/wp-content\/uploads\/2025\/09\/Fotos_Oradores_duotone_crop-Mario-Figueiredo-80x80.png 80w\" sizes=\"(max-width: 697px) 100vw, 697px\" \/>\t\t\t\t\t\t\t\t\t\t\t\t\t\t\t<\/div>\n\t\t\t\t<\/div>\n\t\t\t\t\t<\/div>\n\t\t<\/div>\n\t\t\t\t<div class=\"elementor-column elementor-col-50 elementor-top-column elementor-element elementor-element-1f67cd2\" data-id=\"1f67cd2\" data-element_type=\"column\" data-e-type=\"column\">\n\t\t\t<div class=\"elementor-widget-wrap elementor-element-populated\">\n\t\t\t\t\t\t<div class=\"elementor-element elementor-element-5de2e71 elementor-widget elementor-widget-text-editor\" data-id=\"5de2e71\" data-element_type=\"widget\" data-e-type=\"widget\" data-widget_type=\"text-editor.default\">\n\t\t\t\t<div class=\"elementor-widget-container\">\n\t\t\t\t\t\t\t\t\t<p style=\"text-align: justify;\"><span style=\"color: #333333;\"><strong>M\u00c1RIO FIGUEIREDO\u00a0<\/strong><\/span><\/p><p style=\"text-align: justify;\">M\u00e1rio Figueiredo has a PhD in Electrical and Computer Engineering from Instituto Superior T\u00e9cnico (IST), University of Lisbon, where he is an IST Distinguished Professor and holder of the Feedzai Chair on Machine Learning. He is also a senior researcher and a group leader at Instituto de Telecomunica\u00e7\u00f5es. He received several honors and awards, namely: Fellow of the Institute of Electrical and Electronics Engineers (IEEE), Fellow of the International Association for Pattern Recognition (IAPR), Fellow of the European Association for Signal Processing (EURASIP), Fellow of the European Laboratory for Learning and Intelligent Systems (ELLIS), member of the Lisbon Academy of Sciences and the Portuguese Academy of Engineering.<\/p>\t\t\t\t\t\t\t\t<\/div>\n\t\t\t\t<\/div>\n\t\t\t\t\t<\/div>\n\t\t<\/div>\n\t\t\t\t\t<\/div>\n\t\t<\/section>\n\t\t\t\t<section class=\"elementor-section elementor-top-section elementor-element elementor-element-6dee0ce elementor-section-boxed elementor-section-height-default elementor-section-height-default\" data-id=\"6dee0ce\" data-element_type=\"section\" data-e-type=\"section\">\n\t\t\t\t\t\t<div class=\"elementor-container elementor-column-gap-default\">\n\t\t\t\t\t<div class=\"elementor-column elementor-col-100 elementor-top-column elementor-element elementor-element-c72983e\" data-id=\"c72983e\" data-element_type=\"column\" data-e-type=\"column\">\n\t\t\t<div class=\"elementor-widget-wrap elementor-element-populated\">\n\t\t\t\t\t\t<div class=\"elementor-element elementor-element-5d2748d elementor-widget elementor-widget-spacer\" data-id=\"5d2748d\" data-element_type=\"widget\" data-e-type=\"widget\" data-widget_type=\"spacer.default\">\n\t\t\t\t<div class=\"elementor-widget-container\">\n\t\t\t\t\t\t\t<div class=\"elementor-spacer\">\n\t\t\t<div class=\"elementor-spacer-inner\"><\/div>\n\t\t<\/div>\n\t\t\t\t\t\t<\/div>\n\t\t\t\t<\/div>\n\t\t\t\t\t<\/div>\n\t\t<\/div>\n\t\t\t\t\t<\/div>\n\t\t<\/section>\n\t\t\t\t<section class=\"elementor-section elementor-top-section elementor-element elementor-element-69f00b7 elementor-section-boxed elementor-section-height-default elementor-section-height-default\" data-id=\"69f00b7\" data-element_type=\"section\" data-e-type=\"section\">\n\t\t\t\t\t\t<div class=\"elementor-container elementor-column-gap-default\">\n\t\t\t\t\t<div class=\"elementor-column elementor-col-50 elementor-top-column elementor-element elementor-element-774edc1\" data-id=\"774edc1\" data-element_type=\"column\" data-e-type=\"column\">\n\t\t\t<div class=\"elementor-widget-wrap elementor-element-populated\">\n\t\t\t\t\t\t<div class=\"elementor-element elementor-element-23b2277 elementor-widget elementor-widget-image\" data-id=\"23b2277\" data-element_type=\"widget\" data-e-type=\"widget\" data-widget_type=\"image.default\">\n\t\t\t\t<div class=\"elementor-widget-container\">\n\t\t\t\t\t\t\t\t\t\t\t\t\t\t\t<img loading=\"lazy\" decoding=\"async\" width=\"697\" height=\"697\" src=\"https:\/\/forumdooutono.inesctec.pt\/wp-content\/uploads\/2025\/09\/Fotos_Oradores_duotone_crop_Jose-Carlos-Principe.png\" class=\"attachment-large size-large wp-image-4963\" alt=\"\" srcset=\"https:\/\/forumdooutono.inesctec.pt\/wp-content\/uploads\/2025\/09\/Fotos_Oradores_duotone_crop_Jose-Carlos-Principe.png 697w, https:\/\/forumdooutono.inesctec.pt\/wp-content\/uploads\/2025\/09\/Fotos_Oradores_duotone_crop_Jose-Carlos-Principe-300x300.png 300w, https:\/\/forumdooutono.inesctec.pt\/wp-content\/uploads\/2025\/09\/Fotos_Oradores_duotone_crop_Jose-Carlos-Principe-150x150.png 150w, https:\/\/forumdooutono.inesctec.pt\/wp-content\/uploads\/2025\/09\/Fotos_Oradores_duotone_crop_Jose-Carlos-Principe-50x50.png 50w, https:\/\/forumdooutono.inesctec.pt\/wp-content\/uploads\/2025\/09\/Fotos_Oradores_duotone_crop_Jose-Carlos-Principe-80x80.png 80w\" sizes=\"(max-width: 697px) 100vw, 697px\" \/>\t\t\t\t\t\t\t\t\t\t\t\t\t\t\t<\/div>\n\t\t\t\t<\/div>\n\t\t\t\t\t<\/div>\n\t\t<\/div>\n\t\t\t\t<div class=\"elementor-column elementor-col-50 elementor-top-column elementor-element elementor-element-85f9f66\" data-id=\"85f9f66\" data-element_type=\"column\" data-e-type=\"column\">\n\t\t\t<div class=\"elementor-widget-wrap elementor-element-populated\">\n\t\t\t\t\t\t<div class=\"elementor-element elementor-element-40c48a8 elementor-widget elementor-widget-text-editor\" data-id=\"40c48a8\" data-element_type=\"widget\" data-e-type=\"widget\" data-widget_type=\"text-editor.default\">\n\t\t\t\t<div class=\"elementor-widget-container\">\n\t\t\t\t\t\t\t\t\t<p style=\"text-align: justify;\"><span style=\"color: #333333;\"><strong>JOS\u00c9 CARLOS PR\u00cdNCIPE&nbsp;<\/strong><\/span><\/p>\n<p style=\"text-align: justify;\">Jose C. Principe (M\u201983-SM\u201990-F\u201900) is a Distinguished Professor of Electrical and Computer Engineering and Biomedical Engineering at the University of Florida where he teaches statistical signal processing, machine learning and brain computer interfaces modeling. He is Eckis Endowed Professor and the Founder and Director of the University of Florida Computational NeuroEngineering Laboratory (CNEL). His primary area of interest is time series analysis in functional spaces, information theoretic learning and AI cognitive architectures. Principe is an IEEE, AAAS, IABME, AIMBE and NAI Fellow. He was awarded the IEEE Neural Network Pioneer Award from the Computational intelligence Society, the IEEE Shannon-Nyquist Technical Achievement Award from the Signal Processing Society, the EMBS Career Achievement Award, and the Teacher Scholar of the Year from the U. of Florida. He was the past Chair of the Technical Committee on Neural Networks of the IEEE Signal Processing Society, Past-President of the International Neural Network Society, and Past-Editor in Chief of the IEEE Transactions on Biomedical Engineering.&nbsp;<\/p>\t\t\t\t\t\t\t\t<\/div>\n\t\t\t\t<\/div>\n\t\t\t\t\t<\/div>\n\t\t<\/div>\n\t\t\t\t\t<\/div>\n\t\t<\/section>\n\t\t\t\t<section class=\"elementor-section elementor-top-section elementor-element elementor-element-cede1a7 elementor-section-boxed elementor-section-height-default elementor-section-height-default\" data-id=\"cede1a7\" data-element_type=\"section\" data-e-type=\"section\">\n\t\t\t\t\t\t<div class=\"elementor-container elementor-column-gap-default\">\n\t\t\t\t\t<div class=\"elementor-column elementor-col-100 elementor-top-column elementor-element elementor-element-2fcd89f\" data-id=\"2fcd89f\" data-element_type=\"column\" data-e-type=\"column\">\n\t\t\t<div class=\"elementor-widget-wrap elementor-element-populated\">\n\t\t\t\t\t\t<div class=\"elementor-element elementor-element-1eb40d2 elementor-widget elementor-widget-spacer\" data-id=\"1eb40d2\" data-element_type=\"widget\" data-e-type=\"widget\" data-widget_type=\"spacer.default\">\n\t\t\t\t<div class=\"elementor-widget-container\">\n\t\t\t\t\t\t\t<div class=\"elementor-spacer\">\n\t\t\t<div class=\"elementor-spacer-inner\"><\/div>\n\t\t<\/div>\n\t\t\t\t\t\t<\/div>\n\t\t\t\t<\/div>\n\t\t\t\t\t<\/div>\n\t\t<\/div>\n\t\t\t\t\t<\/div>\n\t\t<\/section>\n\t\t\t\t<\/div>\n\t\t","protected":false},"excerpt":{"rendered":"<p>MARZIEH FADAEE Marzieh Fadaee is the Head of Cohere Labs (formerly Cohere For AI), where she focuses on fundamental research and solving complex challenges in Natural Language Processing (NLP) and building and improving language models. She co-leads the Aya initiative, which led to the creation of the largest multilingual instruction dataset and the development of [&hellip;]<\/p>\n","protected":false},"author":5,"featured_media":0,"parent":0,"menu_order":0,"comment_status":"closed","ping_status":"closed","template":"","meta":{"ngg_post_thumbnail":0,"footnotes":""},"class_list":["post-2738","page","type-page","status-publish","hentry"],"_links":{"self":[{"href":"https:\/\/forumdooutono.inesctec.pt\/index.php\/wp-json\/wp\/v2\/pages\/2738","targetHints":{"allow":["GET"]}}],"collection":[{"href":"https:\/\/forumdooutono.inesctec.pt\/index.php\/wp-json\/wp\/v2\/pages"}],"about":[{"href":"https:\/\/forumdooutono.inesctec.pt\/index.php\/wp-json\/wp\/v2\/types\/page"}],"author":[{"embeddable":true,"href":"https:\/\/forumdooutono.inesctec.pt\/index.php\/wp-json\/wp\/v2\/users\/5"}],"replies":[{"embeddable":true,"href":"https:\/\/forumdooutono.inesctec.pt\/index.php\/wp-json\/wp\/v2\/comments?post=2738"}],"version-history":[{"count":304,"href":"https:\/\/forumdooutono.inesctec.pt\/index.php\/wp-json\/wp\/v2\/pages\/2738\/revisions"}],"predecessor-version":[{"id":5047,"href":"https:\/\/forumdooutono.inesctec.pt\/index.php\/wp-json\/wp\/v2\/pages\/2738\/revisions\/5047"}],"wp:attachment":[{"href":"https:\/\/forumdooutono.inesctec.pt\/index.php\/wp-json\/wp\/v2\/media?parent=2738"}],"curies":[{"name":"wp","href":"https:\/\/api.w.org\/{rel}","templated":true}]}}